{"version":"1.0","provider_name":"INP  \u0627\u0644\u0645\u0639\u0647\u062f \u0627\u0644\u0648\u0637\u0646\u064a \u0644\u0644\u062a\u0631\u0627\u062b","provider_url":"https:\/\/www.inp2020.tn\/ar","author_name":"Ali DABBAGHI","author_url":"https:\/\/www.inp2020.tn\/ar\/author\/admin-2\/","title":"\u0627\u0644\u0623\u064a\u0651\u0627\u0645 \u0627\u0644\u062a\u0651\u0648\u0646\u0633\u064a\u0651\u0629-\u0627\u0644\u0625\u064a\u0637\u0627\u0644\u064a\u0651\u0629 \u0627\u0644\u0645\u062e\u0635\u0651\u0635\u0629 \u0644\u0644\u0645\u062d\u0627\u0641\u0638\u0629 \u0639\u0644\u0649 \u0627\u0644\u062a\u0651\u0631\u0627\u062b \u0627\u0644\u0623\u062b\u0631\u064a \u0648 \u062a\u062b\u0645\u064a\u0646\u0647 - INP \u0627\u0644\u0645\u0639\u0647\u062f \u0627\u0644\u0648\u0637\u0646\u064a \u0644\u0644\u062a\u0631\u0627\u062b","type":"rich","width":600,"height":338,"html":"<blockquote class=\"wp-embedded-content\" data-secret=\"9vjD5T48xR\"><a href=\"https:\/\/www.inp2020.tn\/ar\/2026\/04\/30\/_journees_tuniso-italiennes-28-04-2026\/\">\u0627\u0644\u0623\u064a\u0651\u0627\u0645 \u0627\u0644\u062a\u0651\u0648\u0646\u0633\u064a\u0651\u0629-\u0627\u0644\u0625\u064a\u0637\u0627\u0644\u064a\u0651\u0629 \u0627\u0644\u0645\u062e\u0635\u0651\u0635\u0629 \u0644\u0644\u0645\u062d\u0627\u0641\u0638\u0629 \u0639\u0644\u0649 \u0627\u0644\u062a\u0651\u0631\u0627\u062b \u0627\u0644\u0623\u062b\u0631\u064a \u0648 \u062a\u062b\u0645\u064a\u0646\u0647<\/a><\/blockquote><iframe sandbox=\"allow-scripts\" security=\"restricted\" src=\"https:\/\/www.inp2020.tn\/ar\/2026\/04\/30\/_journees_tuniso-italiennes-28-04-2026\/embed\/#?secret=9vjD5T48xR\" width=\"600\" height=\"338\" title=\"&#8220;\u0627\u0644\u0623\u064a\u0651\u0627\u0645 \u0627\u0644\u062a\u0651\u0648\u0646\u0633\u064a\u0651\u0629-\u0627\u0644\u0625\u064a\u0637\u0627\u0644\u064a\u0651\u0629 \u0627\u0644\u0645\u062e\u0635\u0651\u0635\u0629 \u0644\u0644\u0645\u062d\u0627\u0641\u0638\u0629 \u0639\u0644\u0649 \u0627\u0644\u062a\u0651\u0631\u0627\u062b \u0627\u0644\u0623\u062b\u0631\u064a \u0648 \u062a\u062b\u0645\u064a\u0646\u0647&#8221; &#8212; INP  \u0627\u0644\u0645\u0639\u0647\u062f \u0627\u0644\u0648\u0637\u0646\u064a \u0644\u0644\u062a\u0631\u0627\u062b\" data-secret=\"9vjD5T48xR\" frameborder=\"0\" marginwidth=\"0\" marginheight=\"0\" scrolling=\"no\" class=\"wp-embedded-content\"><\/iframe><script type=\"text\/javascript\">\n\/* <![CDATA[ *\/\n\/*! This file is auto-generated *\/\n!function(d,l){\"use strict\";l.querySelector&&d.addEventListener&&\"undefined\"!=typeof URL&&(d.wp=d.wp||{},d.wp.receiveEmbedMessage||(d.wp.receiveEmbedMessage=function(e){var t=e.data;if((t||t.secret||t.message||t.value)&&!\/[^a-zA-Z0-9]\/.test(t.secret)){for(var s,r,n,a=l.querySelectorAll('iframe[data-secret=\"'+t.secret+'\"]'),o=l.querySelectorAll('blockquote[data-secret=\"'+t.secret+'\"]'),c=new RegExp(\"^https?:$\",\"i\"),i=0;i<o.length;i++)o[i].style.display=\"none\";for(i=0;i<a.length;i++)s=a[i],e.source===s.contentWindow&&(s.removeAttribute(\"style\"),\"height\"===t.message?(1e3<(r=parseInt(t.value,10))?r=1e3:~~r<200&&(r=200),s.height=r):\"link\"===t.message&&(r=new URL(s.getAttribute(\"src\")),n=new URL(t.value),c.test(n.protocol))&&n.host===r.host&&l.activeElement===s&&(d.top.location.href=t.value))}},d.addEventListener(\"message\",d.wp.receiveEmbedMessage,!1),l.addEventListener(\"DOMContentLoaded\",function(){for(var e,t,s=l.querySelectorAll(\"iframe.wp-embedded-content\"),r=0;r<s.length;r++)(t=(e=s[r]).getAttribute(\"data-secret\"))||(t=Math.random().toString(36).substring(2,12),e.src+=\"#?secret=\"+t,e.setAttribute(\"data-secret\",t)),e.contentWindow.postMessage({message:\"ready\",secret:t},\"*\")},!1)))}(window,document);\n\/\/# sourceURL=https:\/\/www.inp2020.tn\/wp-includes\/js\/wp-embed.min.js\n\/* ]]> *\/\n<\/script>\n","thumbnail_url":"http:\/\/www.inp2020.tn\/wp-content\/uploads\/2026\/04\/inp-30-04-2026-8.jpg","thumbnail_width":1600,"thumbnail_height":1067,"description":"{:fr}Le Directeur G\u00e9n\u00e9ral de l'Institut National du Patrimoine, Tarek Beccouche, l'ambassadeur Alessandro Brunas et la directrice du d\u00e9partement de la valorisation du patrimoine culturel au minist\u00e8re italien de la Culture, Alfonsina Russo, ont inaugur\u00e9 la c\u00e9r\u00e9monie de cl\u00f4ture des Journ\u00e9es tuniso-italiennes consacr\u00e9es \u00e0 la pr\u00e9servation et \u00e0 la valorisation du patrimoine arch\u00e9ologique, le 28 avril, organis\u00e9e sous l'\u00e9gide du minist\u00e8re des Affaires culturelles ....Le Directeur G\u00e9n\u00e9ral de l'Institut National du Patrimoine, Tarek Baccouche, l'ambassadeur Alessandro Brunas et la directrice du d\u00e9partement de la valorisation du patrimoine culturel au minist\u00e8re italien de la Culture, Alfonsina Russo, ont inaugur\u00e9 la c\u00e9r\u00e9monie de cl\u00f4ture des Journ\u00e9es tuniso-italiennes consacr\u00e9es \u00e0 la pr\u00e9servation et \u00e0 la valorisation du patrimoine arch\u00e9ologique, le 28 avril, organis\u00e9e sous l'\u00e9gide du minist\u00e8re des Affaires culturelles ....{:}"}