{"version":"1.0","provider_name":"INP  \u0627\u0644\u0645\u0639\u0647\u062f \u0627\u0644\u0648\u0637\u0646\u064a \u0644\u0644\u062a\u0631\u0627\u062b","provider_url":"https:\/\/www.inp2020.tn\/en","author_name":"Ali DABBAGHI","author_url":"https:\/\/www.inp2020.tn\/en\/author\/admin-2\/","title":"Participation in the Islamic Art Biennale 2025 - INP \u0627\u0644\u0645\u0639\u0647\u062f \u0627\u0644\u0648\u0637\u0646\u064a \u0644\u0644\u062a\u0631\u0627\u062b","type":"rich","width":600,"height":338,"html":"<blockquote class=\"wp-embedded-content\" data-secret=\"UQ597ShXq9\"><a href=\"https:\/\/www.inp2020.tn\/en\/2025\/01\/28\/participation_biennale_art_islamique_2025\/\">Participation in the Islamic Art Biennale 2025<\/a><\/blockquote><iframe sandbox=\"allow-scripts\" security=\"restricted\" src=\"https:\/\/www.inp2020.tn\/en\/2025\/01\/28\/participation_biennale_art_islamique_2025\/embed\/#?secret=UQ597ShXq9\" width=\"600\" height=\"338\" title=\"&#8220;Participation in the Islamic Art Biennale 2025&#8221; &#8212; INP  \u0627\u0644\u0645\u0639\u0647\u062f \u0627\u0644\u0648\u0637\u0646\u064a \u0644\u0644\u062a\u0631\u0627\u062b\" data-secret=\"UQ597ShXq9\" frameborder=\"0\" marginwidth=\"0\" marginheight=\"0\" scrolling=\"no\" class=\"wp-embedded-content\"><\/iframe><script type=\"text\/javascript\">\n\/* <![CDATA[ *\/\n\/*! This file is auto-generated *\/\n!function(d,l){\"use strict\";l.querySelector&&d.addEventListener&&\"undefined\"!=typeof URL&&(d.wp=d.wp||{},d.wp.receiveEmbedMessage||(d.wp.receiveEmbedMessage=function(e){var t=e.data;if((t||t.secret||t.message||t.value)&&!\/[^a-zA-Z0-9]\/.test(t.secret)){for(var s,r,n,a=l.querySelectorAll('iframe[data-secret=\"'+t.secret+'\"]'),o=l.querySelectorAll('blockquote[data-secret=\"'+t.secret+'\"]'),c=new RegExp(\"^https?:$\",\"i\"),i=0;i<o.length;i++)o[i].style.display=\"none\";for(i=0;i<a.length;i++)s=a[i],e.source===s.contentWindow&&(s.removeAttribute(\"style\"),\"height\"===t.message?(1e3<(r=parseInt(t.value,10))?r=1e3:~~r<200&&(r=200),s.height=r):\"link\"===t.message&&(r=new URL(s.getAttribute(\"src\")),n=new URL(t.value),c.test(n.protocol))&&n.host===r.host&&l.activeElement===s&&(d.top.location.href=t.value))}},d.addEventListener(\"message\",d.wp.receiveEmbedMessage,!1),l.addEventListener(\"DOMContentLoaded\",function(){for(var e,t,s=l.querySelectorAll(\"iframe.wp-embedded-content\"),r=0;r<s.length;r++)(t=(e=s[r]).getAttribute(\"data-secret\"))||(t=Math.random().toString(36).substring(2,12),e.src+=\"#?secret=\"+t,e.setAttribute(\"data-secret\",t)),e.contentWindow.postMessage({message:\"ready\",secret:t},\"*\")},!1)))}(window,document);\n\/\/# sourceURL=https:\/\/www.inp2020.tn\/wp-includes\/js\/wp-embed.min.js\n\/* ]]> *\/\n<\/script>\n","thumbnail_url":"http:\/\/www.inp2020.tn\/wp-content\/uploads\/2025\/01\/manisc-kairouan4.jpg","thumbnail_width":1600,"thumbnail_height":1200,"description":"{:fr}Sous la tutelle du Minist\u00e8re des Affaires Culturelles, l'Institut National du Patrimoine a particip\u00e9 \u00e0 la deuxi\u00e8me \u00e9dition de la Biennale des Arts Islamiques 2025, organis\u00e9e par la Fondation Biennale Diriyah \u00e0 Jeddah, Arabie Saoudite, au Hajjaj Hall de l'a\u00e9roport King Abdulaziz du 23 janvier 2025 au 25 mai 2025. Plus de 32 pays participent \u00e0 cette exposition.{:ar}Participation \u00e0 la Biennale d'art islamique{:}"}